{"id":1086,"date":"2018-11-15T11:10:26","date_gmt":"2018-11-15T14:10:26","guid":{"rendered":"https:\/\/www.colegioaltamira.com.ar\/sitio\/talleres\/"},"modified":"2024-11-21T17:39:33","modified_gmt":"2024-11-21T20:39:33","slug":"talleres","status":"publish","type":"page","link":"https:\/\/www.colegioaltamira.com.ar\/sitio\/talleres\/","title":{"rendered":"Talleres ES"},"content":{"rendered":"\n<div class=\"wp-block-columns is-layout-flex wp-container-4\">\n<div class=\"wp-block-column is-vertically-aligned-center is-layout-flow\" style=\"flex-basis:25%\">\n<p class=\"has-text-align-center\"><strong>Arte contempor\u00e1neo<\/strong><\/p>\n<\/div>\n\n\n\n<div class=\"wp-block-column is-vertically-aligned-center is-layout-flow\" style=\"flex-basis:50%\">\n<p>Exploraremos las distintas manifestaciones de arte contempor\u00e1neo, bas\u00e1ndonos en otras metodolog\u00edas que dieron pie a las de hoy.<\/p>\n<\/div>\n\n\n\n<div class=\"wp-block-column is-layout-flow\" style=\"flex-basis:25%\"><p><img decoding=\"async\" loading=\"lazy\" style=\"vertical-align: middle;\" src=\"https:\/\/www.colegioaltamira.com.ar\/aula\/archivos\/repositorio\/250\/342\/61c6db08-af38-4e8c-a92f-dbe9727e6f72.jpg\" alt=\"\" width=\"220\" height=\"156\" border=\"0\"><\/p>\n<\/div>\n<\/div>\n\n\n\n<div class=\"wp-block-columns is-layout-flex wp-container-8\">\n<div class=\"wp-block-column is-vertically-aligned-center is-layout-flow\" style=\"flex-basis:25%\">\n<p class=\"has-text-align-center\"><strong>Carpinter\u00eda<\/strong><\/p>\n<\/div>\n\n\n\n<div class=\"wp-block-column is-vertically-aligned-center is-layout-flow\" style=\"flex-basis:50%\">\n<p>Desarrollaremos actividades que atraviesan las distintas \u00e1reas del conocimiento y confluyen en una actividad concreta con materiales y herramientas<\/p>\n<\/div>\n\n\n\n<div class=\"wp-block-column is-layout-flow\" style=\"flex-basis:25%\"><p><iframe loading=\"lazy\" src=\"https:\/\/drive.google.com\/file\/d\/1kT4mpjczsHy0q7Mm10tjkyMpHXjLt2A0\/preview\" width=\"220\" height=\"156\" allow=\"autoplay\"><\/iframe><\/p>\n<\/div>\n<\/div>\n\n\n\n<div class=\"wp-block-columns is-layout-flex wp-container-12\">\n<div class=\"wp-block-column is-vertically-aligned-center is-layout-flow\" style=\"flex-basis:25%\">\n<p class=\"has-text-align-center\"><strong>Producci\u00f3n audiovisual<\/strong><\/p>\n<\/div>\n\n\n\n<div class=\"wp-block-column is-vertically-aligned-center is-layout-flow\" style=\"flex-basis:50%\">\n<p>Plasmaremos nuestras ideas al lenguaje audiovisual y gr\u00e1fico de forma creativa, t\u00e9cnica y art\u00edstica.<\/p>\n<\/div>\n\n\n\n<div class=\"wp-block-column is-layout-flow\" style=\"flex-basis:25%\"><p><img decoding=\"async\" loading=\"lazy\" class=\"wp-image-5212 alignleft\" src=\"https:\/\/www.colegioaltamira.com.ar\/sitio\/wp-content\/uploads\/2023\/09\/Eventos-y-Exposiciones-servicio-produccion-audiovisual.jpg\" alt=\"\" width=\"185\" height=\"115\"><\/p>\n<\/div>\n<\/div>\n\n\n\n<div class=\"wp-block-columns is-layout-flex wp-container-16\">\n<div class=\"wp-block-column is-vertically-aligned-center is-layout-flow\" style=\"flex-basis:25%\">\n<p class=\"has-text-align-center\"><strong>T\u00e9cnicas de Estudio<\/strong><\/p>\n<\/div>\n\n\n\n<div class=\"wp-block-column is-vertically-aligned-center is-layout-flow\" style=\"flex-basis:50%\">\n<p>Trabajamos diferentes t\u00e9cnicas de estudio y utilizamos herramientas TIC<\/p>\n<\/div>\n\n\n\n<div class=\"wp-block-column is-layout-flow\" style=\"flex-basis:25%\">\n<figure class=\"wp-block-image size-full\"><img decoding=\"async\" loading=\"lazy\" width=\"1600\" height=\"1200\" src=\"https:\/\/www.colegioaltamira.com.ar\/sitio\/wp-content\/uploads\/2023\/09\/WhatsApp-Image-2023-09-28-at-17.26.08.jpeg\" alt=\"\" class=\"wp-image-5300\" srcset=\"https:\/\/www.colegioaltamira.com.ar\/sitio\/wp-content\/uploads\/2023\/09\/WhatsApp-Image-2023-09-28-at-17.26.08.jpeg 1600w, https:\/\/www.colegioaltamira.com.ar\/sitio\/wp-content\/uploads\/2023\/09\/WhatsApp-Image-2023-09-28-at-17.26.08-1000x750.jpeg 1000w, https:\/\/www.colegioaltamira.com.ar\/sitio\/wp-content\/uploads\/2023\/09\/WhatsApp-Image-2023-09-28-at-17.26.08-768x576.jpeg 768w, https:\/\/www.colegioaltamira.com.ar\/sitio\/wp-content\/uploads\/2023\/09\/WhatsApp-Image-2023-09-28-at-17.26.08-1536x1152.jpeg 1536w\" sizes=\"(max-width: 1600px) 100vw, 1600px\" \/><\/figure>\n<\/div>\n<\/div>\n\n\n\n<div class=\"wp-block-columns is-layout-flex wp-container-20\">\n<div class=\"wp-block-column is-vertically-aligned-center is-layout-flow\" style=\"flex-basis:25%\">\n<p class=\"has-text-align-center\">Huerta<\/p>\n<\/div>\n\n\n\n<div class=\"wp-block-column is-vertically-aligned-center is-layout-flow\" style=\"flex-basis:50%\">\n<p>Nos enfocaremos en la producci\u00f3n de alimentos mediante la construcci\u00f3n de una huerta e invern\u00e1culo.<\/p>\n<\/div>\n\n\n\n<div class=\"wp-block-column is-layout-flow\" style=\"flex-basis:25%\"><p><iframe loading=\"lazy\" src=\"https:\/\/drive.google.com\/file\/d\/1TEr_8bBDFgSX8hcd4OIzgWoOf5hoBU48\/preview\" width=\"640\" height=\"480\" allow=\"autoplay\"><\/iframe><\/p>\n<\/div>\n<\/div>\n\n\n\n<div class=\"wp-block-columns is-layout-flex wp-container-21\"><\/div>\n\n\n\n<div class=\"wp-block-columns is-layout-flex wp-container-25\">\n<div class=\"wp-block-column is-vertically-aligned-center is-layout-flow\" style=\"flex-basis:25%\">\n<p class=\"has-text-align-center\">Laboratorio<\/p>\n<\/div>\n\n\n\n<div class=\"wp-block-column is-vertically-aligned-center is-layout-flow\" style=\"flex-basis:50%\">\n<p class=\"has-text-align-left\">Realizamos experiencias en el laboratorio en base a contenidos dados en otras materias o talleres<\/p>\n<\/div>\n\n\n\n<div class=\"wp-block-column is-layout-flow\" style=\"flex-basis:25%\"><p><img decoding=\"async\" loading=\"lazy\" style=\"vertical-align: middle;\" src=\"https:\/\/www.colegioaltamira.com.ar\/aula\/archivos\/repositorio\/250\/328\/laboratorio1.jpg\" alt=\"\" width=\"220\" height=\"156\" border=\"0\"><\/p>\n<\/div>\n<\/div>\n\n\n\n<div class=\"wp-block-columns is-layout-flex wp-container-29\">\n<div class=\"wp-block-column is-vertically-aligned-center is-layout-flow\" style=\"flex-basis:25%\">\n<p class=\"has-text-align-center\">M\u00fasica<\/p>\n<\/div>\n\n\n\n<div class=\"wp-block-column is-vertically-aligned-center is-layout-flow\" style=\"flex-basis:50%\">\n<p class=\"has-text-align-left\">La m\u00fasica representa un medio m\u00e1s para construir la identidad de los alumnos, d\u00e1ndoles un sentido de pertenencia al grupo de amigos y compa\u00f1eros<\/p>\n<\/div>\n\n\n\n<div class=\"wp-block-column is-layout-flow\" style=\"flex-basis:25%\"><p><img decoding=\"async\" loading=\"lazy\" style=\"vertical-align: middle;\" src=\"https:\/\/www.colegioaltamira.com.ar\/aula\/archivos\/repositorio\/250\/332\/20170908_141555.jpg\" alt=\"\" width=\"220\" height=\"156\" border=\"0\"><\/p>\n<\/div>\n<\/div>\n\n\n\n<div class=\"wp-block-columns is-layout-flex wp-container-33\">\n<div class=\"wp-block-column is-vertically-aligned-center is-layout-flow\" style=\"flex-basis:25%\">\n<p class=\"has-text-align-center\">Radio<\/p>\n<\/div>\n\n\n\n<div class=\"wp-block-column is-vertically-aligned-center is-layout-flow\" style=\"flex-basis:50%\">\n<p class=\"has-text-align-left\">Abriremos las puertas a la comunicaci\u00f3n para expresar mediante&nbsp;nuestras voces, deseos y necesidades<\/p>\n<\/div>\n\n\n\n<div class=\"wp-block-column is-layout-flow\" style=\"flex-basis:25%\"><p><img decoding=\"async\" loading=\"lazy\" style=\"vertical-align: middle;\" src=\"https:\/\/www.colegioaltamira.com.ar\/aula\/archivos\/repositorio\/250\/381\/radio.jpg\" alt=\"\" width=\"220\" height=\"156\" border=\"0\"><\/p>\n<\/div>\n<\/div>\n\n\n\n<div class=\"wp-block-columns is-layout-flex wp-container-37\">\n<div class=\"wp-block-column is-vertically-aligned-center is-layout-flow\" style=\"flex-basis:25%\">\n<p class=\"has-text-align-center\">Rob\u00f3tica<\/p>\n<\/div>\n\n\n\n<div class=\"wp-block-column is-vertically-aligned-center is-layout-flow\" style=\"flex-basis:50%\">\n<p class=\"has-text-align-center\">El pensamiento computacional es un tipo de <strong>pensamiento anal\u00edtico<\/strong> que implica resolver problemas, dise\u00f1ar sistemas y comprender el comportamiento humano, haciendo uso de los conceptos fundamentales de la inform\u00e1tica<\/p>\n<\/div>\n\n\n\n<div class=\"wp-block-column is-layout-flow\" style=\"flex-basis:25%\"><p><iframe loading=\"lazy\" src=\"https:\/\/drive.google.com\/file\/d\/1rRqG81hlZnpY9gDcWKBWAMsv2JKZ4dOu\/preview\" width=\"220\" height=\"156\" allow=\"autoplay\"><\/iframe><\/p>\n<\/div>\n<\/div>\n\n\n\n<div class=\"wp-block-columns is-layout-flex wp-container-41\">\n<div class=\"wp-block-column is-layout-flow\" style=\"flex-basis:25%\">\n<p class=\"has-text-align-center\">Teatro<\/p>\n<\/div>\n\n\n\n<div class=\"wp-block-column is-layout-flow\" style=\"flex-basis:50%\">\n<p class=\"has-text-align-center\">Vivenciaremos la acci\u00f3n dram\u00e1tica transitando aprendizajes est\u00e9tico expresivos.<\/p>\n<\/div>\n\n\n\n<div class=\"wp-block-column is-layout-flow\" style=\"flex-basis:25%\">\n<iframe loading=\"lazy\" src=\"https:\/\/drive.google.com\/file\/d\/11_JSH3NIpb03htmhdnif4UG5MNONSaQ9\/preview\" width=\"220\" height=\"156\" allow=\"autoplay\"><\/iframe>\n<\/div>\n<\/div>\n\n\n\n<div class=\"wp-block-columns is-layout-flex wp-container-42\"><\/div>\n\n\n\n<div class=\"wp-block-columns is-layout-flex wp-container-46\">\n<div class=\"wp-block-column is-layout-flow\" style=\"flex-basis:25%\">\n<p class=\"has-text-align-center\">Yoga<\/p>\n<\/div>\n\n\n\n<div class=\"wp-block-column is-layout-flow\" style=\"flex-basis:50%\">\n<p>Mediante la pr\u00e1ctica del yoga obtendremos t\u00e9cnicas para vivir de una forma m\u00e1s plena f\u00edsica, mental y espiritual.<\/p>\n<\/div>\n\n\n\n<div class=\"wp-block-column is-layout-flow\" style=\"flex-basis:25%\">\n<img decoding=\"async\" loading=\"lazy\" style=\"vertical-align: middle;\" src=\"https:\/\/www.colegioaltamira.com.ar\/aula\/archivos\/repositorio\/250\/343\/Yoga_1.jpg\" alt=\"\" width=\"220\" height=\"156\" border=\"0\">\n<\/div>\n<\/div>\n\n\n\n<div class=\"wp-block-columns is-layout-flex wp-container-50\">\n<div class=\"wp-block-column is-layout-flow\" style=\"flex-basis:25%\">\n<p class=\"has-text-align-center\">OVO<\/p>\n<\/div>\n\n\n\n<div class=\"wp-block-column is-layout-flow\" style=\"flex-basis:50%\">\n<p class=\"has-text-align-left\">Proyecto de Orientaci\u00f3n Vocacional que se complementa con experiencias de pasant\u00edas acorde a sus intereses y perfil vocacional.<\/p>\n<\/div>\n\n\n\n<div class=\"wp-block-column is-layout-flow\" style=\"flex-basis:25%\">\n<img decoding=\"async\" loading=\"lazy\" class=\"wp-image-5206 alignleft\" src=\"https:\/\/www.colegioaltamira.com.ar\/sitio\/wp-content\/uploads\/2023\/09\/WhatsApp-Image-2023-09-07-at-17.51.54.jpeg\" alt=\"\" width=\"253\" height=\"126\">\n<\/div>\n<\/div>\n\n\n\n<div class=\"wp-block-columns is-layout-flex wp-container-54\">\n<div class=\"wp-block-column is-layout-flow\" style=\"flex-basis:25%\">\n<p class=\"has-text-align-center\">Cocina Saludable<\/p>\n<\/div>\n\n\n\n<div class=\"wp-block-column is-layout-flow\" style=\"flex-basis:50%\">\n<p class=\"has-text-align-left\">Desaf\u00edo actual: Pasar de una cocina de urgencias a proporcionar a los alumnos t\u00e9cnicas de trabajo para que puedan desarrollar habilidades y conocimientos para lograr una alimentaci\u00f3n consciente y soberana.<\/p>\n<\/div>\n\n\n\n<div class=\"wp-block-column is-layout-flow\" style=\"flex-basis:25%\">\n<iframe loading=\"lazy\" src=\"https:\/\/drive.google.com\/file\/d\/1dwtnw-A2q3mDmJFsmVNzeDWVWB8wmjYd\/preview\" width=\"220\" height=\"156\" allow=\"autoplay\"><\/iframe>\n<\/div>\n<\/div>\n","protected":false},"excerpt":{"rendered":"<p>Arte contempor\u00e1neo Exploraremos las distintas manifestaciones de arte contempor\u00e1neo, bas\u00e1ndonos en otras metodolog\u00edas que dieron pie a las de hoy. Carpinter\u00eda Desarrollaremos actividades que atraviesan las distintas \u00e1reas del conocimiento y confluyen en una actividad concreta con materiales y herramientas Producci\u00f3n audiovisual Plasmaremos nuestras ideas al lenguaje audiovisual y gr\u00e1fico de forma creativa, t\u00e9cnica y &#8230; <a title=\"Talleres ES\" class=\"read-more\" href=\"https:\/\/www.colegioaltamira.com.ar\/sitio\/talleres\/\" aria-label=\"More on Talleres ES\">[+]<\/a><\/p>\n","protected":false},"author":1449,"featured_media":0,"parent":0,"menu_order":0,"comment_status":"closed","ping_status":"closed","template":"","meta":[],"acf":[],"_links":{"self":[{"href":"https:\/\/www.colegioaltamira.com.ar\/sitio\/wp-json\/wp\/v2\/pages\/1086"}],"collection":[{"href":"https:\/\/www.colegioaltamira.com.ar\/sitio\/wp-json\/wp\/v2\/pages"}],"about":[{"href":"https:\/\/www.colegioaltamira.com.ar\/sitio\/wp-json\/wp\/v2\/types\/page"}],"author":[{"embeddable":true,"href":"https:\/\/www.colegioaltamira.com.ar\/sitio\/wp-json\/wp\/v2\/users\/1449"}],"replies":[{"embeddable":true,"href":"https:\/\/www.colegioaltamira.com.ar\/sitio\/wp-json\/wp\/v2\/comments?post=1086"}],"version-history":[{"count":54,"href":"https:\/\/www.colegioaltamira.com.ar\/sitio\/wp-json\/wp\/v2\/pages\/1086\/revisions"}],"predecessor-version":[{"id":6559,"href":"https:\/\/www.colegioaltamira.com.ar\/sitio\/wp-json\/wp\/v2\/pages\/1086\/revisions\/6559"}],"wp:attachment":[{"href":"https:\/\/www.colegioaltamira.com.ar\/sitio\/wp-json\/wp\/v2\/media?parent=1086"}],"curies":[{"name":"wp","href":"https:\/\/api.w.org\/{rel}","templated":true}]}}