{"id":1047,"date":"2018-11-15T11:10:09","date_gmt":"2018-11-15T14:10:09","guid":{"rendered":"https:\/\/www.colegioaltamira.com.ar\/sitio\/proyecto\/"},"modified":"2026-03-12T14:15:50","modified_gmt":"2026-03-12T17:15:50","slug":"proyecto","status":"publish","type":"page","link":"https:\/\/www.colegioaltamira.com.ar\/sitio\/proyecto\/","title":{"rendered":"Escuela de Formaci\u00f3n Integral"},"content":{"rendered":"\n<p>La instituci\u00f3n cuenta con tres niveles de educaci\u00f3n y en cada uno de ellos suma a su oferta educativa una variedad de talleres extraprogram\u00e1ticos orientados al Aprendizaje -Servicio que apuntan a atender y satisfacer los diversos intereses de los alumnos en funci\u00f3n de su edad.<\/p>\n\n\n\n<p class=\"has-text-align-center\"><strong>MISION INSTITUCIONAL<\/strong><\/p>\n\n\n\n<p>Educar a ni\u00f1os, ni\u00f1as y j\u00f3venes desarrollando en ellos las competencias necesarias para insertarse en la sociedad del siglo XXI, a trav\u00e9s de una formaci\u00f3n integral desde las dimensiones del conocer, ser, hacer, y convivir a trav\u00e9s de la pedagog\u00eda de Aprendizaje y Servicio Solidario, en una Escuela abierta a la comunidad basada en la paz, la solidaridad, el respeto, y la responsabilidad.<\/p>\n\n\n\n<p>Ser\u00e1n pilares fundamentales de esta formaci\u00f3n: la comunicaci\u00f3n, las artes, las ciencias naturales, la educaci\u00f3n f\u00edsica y las ciencias sociales, trabajando interdisciplinariamente junto con los talleres que complementan el desarrollo integral del estudiante, donde la educaci\u00f3n ambiental es el eje transversal.<\/p>\n\n\n\n<p>Esta misi\u00f3n se llevar\u00e1 a cabo desde una gesti\u00f3n de liderazgo democr\u00e1tico basado en la comunicaci\u00f3n, el consenso, el compromiso y la cooperaci\u00f3n propiciando la autonom\u00eda de cada uno de los actores de la comunidad educativa.<\/p>\n\n\n\n<p class=\"has-text-align-center\"><strong>VISION INSTITUCIONAL<\/strong><\/p>\n\n\n\n<p>Nuestra Escuela asume el compromiso de acompa\u00f1ar la formaci\u00f3n de ni\u00f1os, ni\u00f1as y j\u00f3venes para que puedan tomar decisiones responsables y participar activamente en la vida comunitaria, promoviendo el liderazgo, la convivencia respetuosa y los valores democr\u00e1ticos que favorezcan el bien com\u00fan.<\/p>\n\n\n\n<p>Aspiramos a una Escuela que desarrolle las siguientes competencias acorde a cada nivel:<\/p>\n\n\n\n<ul>\n<li>Comunicaci\u00f3n en lengua materna y extranjera.<\/li>\n\n\n\n<li>Dominio de herramientas digitales matem\u00e1ticas y cient\u00edficas.<\/li>\n\n\n\n<li>Desarrollo de la creatividad.<\/li>\n\n\n\n<li>Aprender a aprender.<\/li>\n\n\n\n<li>Cualidades interpersonales y c\u00edvicas:\n<ol>\n<li>Asunci\u00f3n de actitudes de compromiso en la defensa de sus convicciones.<\/li>\n\n\n\n<li>Aprendizaje a partir del reconocimiento de los propios errores.<\/li>\n\n\n\n<li>Reconocimiento, comprensi\u00f3n y respeto de valores tales como la b\u00fasqueda de la verdad, la promoci\u00f3n del bien com\u00fan, la paz, la justicia, la solidaridad, la libertad, la tolerancia, la diversidad, y el entendimiento intercultural.<\/li>\n\n\n\n<li>Valoraci\u00f3n de los derechos humanos como esenciales a la dignidad humana y la oposici\u00f3n a toda forma de discriminaci\u00f3n.<\/li>\n<\/ol>\n<\/li>\n\n\n\n<li>Actitud proactiva.<\/li>\n\n\n\n<li>Capacidad para el trabajo en equipo.<\/li>\n\n\n\n<li>Esp\u00edritu emprendedor.<\/li>\n\n\n\n<li>Apertura frente &nbsp;a la incertidumbre.<\/li>\n\n\n\n<li>Esp\u00edritu cr\u00edtico.<\/li>\n\n\n\n<li>Convivencia y competencias digitales.<\/li>\n<\/ul>\n\n\n\n<p class=\"has-text-align-center\"><strong>F<\/strong><strong>UNDAMENTACI\u00d3N<\/strong><\/p>\n\n\n\n<p>La meta a lograr ser\u00e1 la <strong>\u201cFORMACI\u00d3N INTEGRAL\u201d<\/strong> del alumno. Lo que equivale a decir <strong>EDUCACI\u00d3N DE CALIDAD<\/strong> que permita a ni\u00f1os y j\u00f3venes&nbsp; participar integralmente como ciudadanos protag\u00f3nicos en un mundo cada vez m\u00e1s complejo. Un ser capaz de transformar su propia vida y comprometido con el entorno social en que se desempe\u00f1e.<br>La Educaci\u00f3n requiere hoy de nuevas competencias para acceder al mundo laboral.&nbsp;Esta <strong>VISION&nbsp;<\/strong>del alumno a formar deber\u00e1 ser permanentemente revisada por los actores del proceso educativo para evitar caer en una asimetr\u00eda entre lo que se brinda y lo que se necesita como formaci\u00f3n.<br><strong>FORMACI\u00d3N INTEGRAL<\/strong> significa el desarrollo de las potencialidades en las siguientes dimensiones humanas:<\/p>\n\n\n\n<ul>\n<li>Dimensi\u00f3n <strong>cognitiva<\/strong>.<\/li>\n\n\n\n<li>Dimensi\u00f3n <strong>f\u00edsica<\/strong>.<\/li>\n\n\n\n<li>Dimensi\u00f3n <strong>espiritual<\/strong>.<\/li>\n\n\n\n<li>Dimensi\u00f3n <strong>emocional-social.<\/strong><\/li>\n<\/ul>\n\n\n\n<p>Estas dimensiones del ser humano est\u00e1n contempladas en el <strong>Informe de la UNESCO sobre La Educaci\u00f3n para el siglo XXI<\/strong> en sus conocidos cuatro pilares b\u00e1sicos.<br>1)&nbsp;<strong>Aprender a conocer<\/strong> (dimensi\u00f3n cognitiva-intelectual) \u201cSaber\u201d, Aprender a aprender.&nbsp;Implica dominar los instrumentos del conocimiento haciendo el propio aporte ala Sociedad.Deber\u00e1 tenerse en cuenta que el conocimiento a adquirir sea \u201csignificativo\u201d psicol\u00f3gicamente (que le sirva al alumno personalmente) y socialmente (que le sirva para insertarse en la Sociedad).<br>2)&nbsp;<strong>Aprender a hacer <\/strong>(dimensi\u00f3n f\u00edsica) \u201cSaber hacer\u201d, Aprender a emprender.Desarrollar las competencias que permitan ejecutar variados trabajos aportando la creatividad personal.<br>3)&nbsp;<strong>Aprender a ser <\/strong>(dimensi\u00f3n espiritual) \u201cSer\u201d.&nbsp;Implica el desarrollo imperioso de los valores humanos hoy desvalorizados por el individualismo y la competencia desmedida.<br>4)&nbsp;<strong>Aprender a convivir <\/strong>(dimensi\u00f3n emocional-social).Tener capacidad para convivir en el entorno familiar,escolar,laboral, social, etc.&nbsp;Desarrollar las competencias que permitan el conocimiento de uno mismo para as\u00ed poder reconocer al otro y lograr empatia.<\/p>\n\n\n\n<p><\/p>\n\n\n\n<p>\u00a0\u00a0\u00a0\u00a0\u00a0\u00a0\u00a0\u00a0\u00a0\u00a0\u00a0\u00a0\u00a0\u00a0\u00a0\u00a0\u00a0\u00a0\u00a0\u00a0\u00a0\u00a0\u00a0\u00a0\u00a0\u00a0\u00a0\u00a0\u00a0 <\/p>\n\n\n\n<p>\u00a0\u00a0\u00a0\u00a0\u00a0\u00a0\u00a0\u00a0\u00a0\u00a0\u00a0\u00a0\u00a0\u00a0\u00a0\u00a0\u00a0\u00a0<\/p>\n\n\n\n<p><\/p>\n","protected":false},"excerpt":{"rendered":"<p>La instituci\u00f3n cuenta con tres niveles de educaci\u00f3n y en cada uno de ellos suma a su oferta educativa una variedad de talleres extraprogram\u00e1ticos orientados al Aprendizaje -Servicio que apuntan a atender y satisfacer los diversos intereses de los alumnos en funci\u00f3n de su edad. MISION INSTITUCIONAL Educar a ni\u00f1os, ni\u00f1as y j\u00f3venes desarrollando en &#8230; <a title=\"Escuela de Formaci\u00f3n Integral\" class=\"read-more\" href=\"https:\/\/www.colegioaltamira.com.ar\/sitio\/proyecto\/\" aria-label=\"More on Escuela de Formaci\u00f3n Integral\">[+]<\/a><\/p>\n","protected":false},"author":1449,"featured_media":0,"parent":0,"menu_order":0,"comment_status":"closed","ping_status":"closed","template":"","meta":[],"acf":[],"_links":{"self":[{"href":"https:\/\/www.colegioaltamira.com.ar\/sitio\/wp-json\/wp\/v2\/pages\/1047"}],"collection":[{"href":"https:\/\/www.colegioaltamira.com.ar\/sitio\/wp-json\/wp\/v2\/pages"}],"about":[{"href":"https:\/\/www.colegioaltamira.com.ar\/sitio\/wp-json\/wp\/v2\/types\/page"}],"author":[{"embeddable":true,"href":"https:\/\/www.colegioaltamira.com.ar\/sitio\/wp-json\/wp\/v2\/users\/1449"}],"replies":[{"embeddable":true,"href":"https:\/\/www.colegioaltamira.com.ar\/sitio\/wp-json\/wp\/v2\/comments?post=1047"}],"version-history":[{"count":8,"href":"https:\/\/www.colegioaltamira.com.ar\/sitio\/wp-json\/wp\/v2\/pages\/1047\/revisions"}],"predecessor-version":[{"id":8037,"href":"https:\/\/www.colegioaltamira.com.ar\/sitio\/wp-json\/wp\/v2\/pages\/1047\/revisions\/8037"}],"wp:attachment":[{"href":"https:\/\/www.colegioaltamira.com.ar\/sitio\/wp-json\/wp\/v2\/media?parent=1047"}],"curies":[{"name":"wp","href":"https:\/\/api.w.org\/{rel}","templated":true}]}}