{"id":1033,"date":"2018-11-15T11:10:04","date_gmt":"2018-11-15T14:10:04","guid":{"rendered":"https:\/\/www.colegioaltamira.com.ar\/sitio\/presentacion-3\/"},"modified":"2026-03-12T14:13:54","modified_gmt":"2026-03-12T17:13:54","slug":"presentacion-3","status":"publish","type":"page","link":"https:\/\/www.colegioaltamira.com.ar\/sitio\/presentacion-3\/","title":{"rendered":"Presentaci\u00f3n del Nivel Secundario"},"content":{"rendered":"\n<h3 class=\"wp-block-heading\">ISADAM &#8211; Instituto Secundario Argentino Dan\u00e9s \u00abAlta Mira\u00bb <\/h3>\n\n\n\n<h5 class=\"wp-block-heading\">DIEGEP N\u00ba 2050<br><\/h5>\n\n\n<div class=\"wp-block-image\">\n<figure class=\"aligncenter\"><img decoding=\"async\" loading=\"lazy\" width=\"1000\" height=\"563\" src=\"https:\/\/www.colegioaltamira.com.ar\/sitio\/wp-content\/uploads\/2018\/12\/ISADAM2018-1000x563.jpeg\" alt=\"\" class=\"wp-image-1376\" srcset=\"https:\/\/www.colegioaltamira.com.ar\/sitio\/wp-content\/uploads\/2018\/12\/ISADAM2018-1000x563.jpeg 1000w, https:\/\/www.colegioaltamira.com.ar\/sitio\/wp-content\/uploads\/2018\/12\/ISADAM2018-768x432.jpeg 768w, https:\/\/www.colegioaltamira.com.ar\/sitio\/wp-content\/uploads\/2018\/12\/ISADAM2018.jpeg 1280w\" sizes=\"(max-width: 1000px) 100vw, 1000px\" \/><\/figure><\/div>\n\n\n<p><br><\/p>\n\n\n\n<p>El <strong>nivel secundario<\/strong> se organiza en un Ciclo B\u00e1sico, con dos divisiones por a\u00f1o, y un Ciclo Superior que ofrece las orientaciones de Ciencias Naturales y Comunicaci\u00f3n.<\/p>\n\n\n\n<p>Las clases se desarrollan en turno ma\u00f1ana, mientras que en contraturno se realizan diversos talleres. Los distintos espacios curriculares son planificados por los docentes, considerando <strong>\u201cLos 17 Objetivos de Desarrollo Sostenible\u201d<\/strong>, a partir del dise\u00f1o de propuestas interdisciplinarias basadas en ABP (Aprendizaje Basado en Proyectos)* y en articulaci\u00f3n con los talleres extraprogram\u00e1ticos.<\/p>\n\n\n\n<p>Estos talleres tienen como objetivo desarrollar y fortalecer habilidades de ejecuci\u00f3n e interpersonales consideradas esenciales, en coherencia con la pedagog\u00eda que sustenta el proyecto institucional de Alta Mira, basado en el <strong>Aprendizaje y Servicio Solidario: <\/strong>eje transversal de materias curriculares y extracurriculares.<\/p>\n\n\n\n<p>Talleres del nivel secundario:<\/p>\n\n\n\n<ul>\n<li>Huerta<\/li>\n\n\n\n<li>Yoga<\/li>\n\n\n\n<li>Rob\u00f3tica<\/li>\n\n\n\n<li>Carpinter\u00eda<\/li>\n\n\n\n<li>Arte<\/li>\n\n\n\n<li>Taller de Habilidades cient\u00edficas.<\/li>\n\n\n\n<li>Teatro<\/li>\n\n\n\n<li>Fotograf\u00eda<\/li>\n\n\n\n<li>Producci\u00f3n audiovisual<\/li>\n\n\n\n<li>Periodismo Gr\u00e1fico<\/li>\n\n\n\n<li>Orientaci\u00f3n vocacional<\/li>\n\n\n\n<li>Cocina<\/li>\n<\/ul>\n\n\n<div  class=\"lgc-column lgc-grid-parent lgc-grid-50 lgc-tablet-grid-50 lgc-mobile-grid-100 lgc-equal-heights \"><div  class=\"inside-grid-column\"><br \/>\n<iframe loading=\"lazy\" src=\"https:\/\/docs.google.com\/presentation\/d\/e\/2PACX-1vQgk01ceDkAw-cADY7OnBCMBRQ-BnKwbOLaP6SzC3PrcG8YLerzs59ybCRqA8U_noNCiWgmkNtcIPei\/embed?start=true&amp;loop=false&amp;delayms=3000\" width=\"560\" height=\"369\" frameborder=\"0\" allowfullscreen=\"allowfullscreen\"><\/iframe>\n<p><\/p><\/div><\/div>\n\n\n<div  class=\"lgc-column lgc-grid-parent lgc-grid-50 lgc-tablet-grid-50 lgc-mobile-grid-100 lgc-equal-heights \"><div  class=\"inside-grid-column\"><br \/>\n<iframe loading=\"lazy\" src=\"https:\/\/prezi.com\/view\/hN38QLSms9SU3HO3SOBa\/embed?start=true&amp;loop=false&amp;delayms=3000\" width=\"560\" height=\"369\" frameborder=\"0\" allowfullscreen=\"allowfullscreen\"><\/iframe>\n<p><\/p><\/div><\/div>\n\n\n\n<p>Algunas de las actividades institucionales que complementan la propuesta curricular:<\/p>\n\n\n\n<ul>\n<li>Orientaci\u00f3n Vocacional.<\/li>\n\n\n\n<li>Tutor\u00eda\/Educaci\u00f3n en Aprendizaje Servicio<\/li>\n\n\n\n<li>Torneos deportivos.<\/li>\n\n\n\n<li>Viajes de estudio.<\/li>\n\n\n\n<li>Olimp\u00edadas matem\u00e1ticas<\/li>\n\n\n\n<li>Olimp\u00edadas de qu\u00edmica.<\/li>\n\n\n\n<li>Olimp\u00edadas de biolog\u00eda.<\/li>\n\n\n\n<li>Semana de las Ciencias y de las Artes<\/li>\n<\/ul>\n\n\n\n<p>Cierre de proyectos ISADAM 2025<\/p>\n\n\n\n<figure class=\"wp-block-embed is-type-video is-provider-youtube wp-block-embed-youtube wp-embed-aspect-16-9 wp-has-aspect-ratio\"><div class=\"wp-block-embed__wrapper\">\n<iframe loading=\"lazy\" title=\"SOCIOS COMUNITARIOS 2025 ISADAM\" width=\"1200\" height=\"675\" src=\"https:\/\/www.youtube.com\/embed\/-1gVLSvb4a8?feature=oembed\" frameborder=\"0\" allow=\"accelerometer; autoplay; clipboard-write; encrypted-media; gyroscope; picture-in-picture; web-share\" referrerpolicy=\"strict-origin-when-cross-origin\" allowfullscreen><\/iframe>\n<\/div><\/figure>\n\n\n\n<p>Cierre de ciclo 2024<\/p>\n\n\n\n<iframe loading=\"lazy\" src=\"https:\/\/drive.google.com\/file\/d\/1cxhooOuSJzKXOweQNB8GKZ9Poo7QWIFX\/preview\" width=\"100%\" height=\"480\" allow=\"autoplay\"><\/iframe>\n\n\n\n<p>Cierre de ciclo 2023<\/p>\n\n\n\n<figure class=\"wp-block-embed is-type-video is-provider-youtube wp-block-embed-youtube wp-embed-aspect-16-9 wp-has-aspect-ratio\"><div class=\"wp-block-embed__wrapper\">\n<iframe loading=\"lazy\" title=\"Cierre de ciclo 2023 - ISADAM\" width=\"1200\" height=\"675\" src=\"https:\/\/www.youtube.com\/embed\/7mK6x874hfc?feature=oembed\" frameborder=\"0\" allow=\"accelerometer; autoplay; clipboard-write; encrypted-media; gyroscope; picture-in-picture; web-share\" referrerpolicy=\"strict-origin-when-cross-origin\" allowfullscreen><\/iframe>\n<\/div><\/figure>\n\n\n\n<p>Cierre de ciclo 2022<\/p>\n\n\n\n<iframe loading=\"lazy\" src=\"https:\/\/drive.google.com\/file\/d\/1MNSoFXD5phrb4T0_NFR8gdBZKdZf_Tx1\/preview\" width=\"100%\" height=\"480\" allow=\"autoplay\"><\/iframe>\n\n\n\n<p><iframe loading=\"lazy\" src=\"https:\/\/www.youtube.com\/embed\/HtTAnX5Jo_Y\" width=\"560\" height=\"315\" frameborder=\"0\" allowfullscreen=\"allowfullscreen\"><\/iframe><br><iframe loading=\"lazy\" src=\"https:\/\/www.youtube.com\/embed\/Odu06RWuhKU\" width=\"560\" height=\"315\" frameborder=\"0\" allowfullscreen=\"allowfullscreen\"><\/iframe><\/p>\n\n\n\n<h3 class=\"wp-block-heading\">Oferta variedad de talleres &nbsp; &nbsp; &nbsp; &nbsp; &nbsp; &nbsp; &nbsp; &nbsp;<a href=\"https:\/\/www.colegioaltamira.com.ar\/sitio\/talleres\/\"><img decoding=\"async\" loading=\"lazy\" class=\"alignnone\" src=\"https:\/\/images.vexels.com\/media\/users\/3\/135846\/isolated\/preview\/a74ef14f199a49cbd325091536fdd38a-punta-de-flecha-doble-hacia-la-derecha-by-vexels.png\" alt=\"Resultado de imagen para flecha png\" width=\"33\" height=\"33\" border=\"0\"><\/a><\/h3>\n\n\n<div  class=\"lgc-column lgc-grid-parent lgc-grid-33 lgc-tablet-grid-33 lgc-mobile-grid-100 lgc-equal-heights \"><div  class=\"inside-grid-column\"><br \/>\n<a href=\"https:\/\/www.colegioaltamira.com.ar\/sitio\/talleres\/\"><img decoding=\"async\" loading=\"lazy\" class=\"alignnone\" style=\"vertical-align: middle;\" src=\"https:\/\/www.colegioaltamira.com.ar\/aula\/archivos\/repositorio\/250\/326\/carpinteria1.jpg\" alt=\"\" width=\"337\" height=\"209\" border=\"0\"\/><\/a>\n<p>Carpinter\u00eda<\/p><\/div><\/div>\n\n\n<div  class=\"lgc-column lgc-grid-parent lgc-grid-33 lgc-tablet-grid-33 lgc-mobile-grid-100 lgc-equal-heights \"><div  class=\"inside-grid-column\">&nbsp;<a href=\"https:\/\/www.colegioaltamira.com.ar\/sitio\/talleres\/\"><img decoding=\"async\" loading=\"lazy\" class=\"alignnone\" style=\"vertical-align: middle;\" src=\"https:\/\/www.colegioaltamira.com.ar\/aula\/archivos\/repositorio\/250\/328\/laboratorio1.jpg\" alt=\"\" width=\"343\" height=\"214\" border=\"0\"\/><\/a>\n<p>Laboratorio<\/p><\/div><\/div>\n\n\n<div  class=\"lgc-column lgc-grid-parent lgc-grid-33 lgc-tablet-grid-33 lgc-mobile-grid-100 lgc-equal-heights \"><div  class=\"inside-grid-column\"><a href=\"https:\/\/www.colegioaltamira.com.ar\/sitio\/talleres\/\"><img decoding=\"async\" loading=\"lazy\" class=\"alignnone\" style=\"vertical-align: middle;\" src=\"https:\/\/www.colegioaltamira.com.ar\/aula\/archivos\/repositorio\/250\/327\/Huerta1.jpg\" alt=\"\" width=\"359\" height=\"225\" border=\"0\"\/><\/a>\n<p>Huerta<\/p><\/div><\/div><div class=\"lgc-clear\"><\/div>\n\n\n<div  class=\"lgc-column lgc-grid-parent lgc-grid-33 lgc-tablet-grid-33 lgc-mobile-grid-100 lgc-equal-heights \"><div  class=\"inside-grid-column\"><img decoding=\"async\" loading=\"lazy\" class=\"alignnone\" title=\"yoga2\" src=\"https:\/\/www.colegioaltamira.com.ar\/sitio\/wp-content\/uploads\/2018\/11\/Yoga_2.jpg\" alt=\"yoga2\" width=\"306\" height=\"306\" border=\"0\"\/>\n<p>Yoga<\/p><\/div><\/div>\n\n\n<div  class=\"lgc-column lgc-grid-parent lgc-grid-33 lgc-tablet-grid-33 lgc-mobile-grid-100 lgc-equal-heights \"><div  class=\"inside-grid-column\"><img decoding=\"async\" loading=\"lazy\" class=\"alignnone\" title=\"teatro\" src=\"https:\/\/www.colegioaltamira.com.ar\/sitio\/wp-content\/uploads\/2018\/11\/imagen_4.jpg\" alt=\"teatro\" width=\"302\" height=\"290\" border=\"0\"\/>\n<p>Teatro<\/p><\/div><\/div>\n\n\n\n<div  class=\"lgc-column lgc-grid-parent lgc-grid-33 lgc-tablet-grid-33 lgc-mobile-grid-100 lgc-equal-heights \"><div  class=\"inside-grid-column\">\n\n\n\n<p class=\"has-text-align-center\"><span style=\"color: #ff6600; font-family: comic sans ms,sans-serif;\">&nbsp;<\/span><\/p>\n\n\n\n<figure class=\"wp-block-image size-large is-resized\"><img decoding=\"async\" loading=\"lazy\" src=\"https:\/\/www.colegioaltamira.com.ar\/sitio\/wp-content\/uploads\/2021\/12\/para-sitio.jpg\" alt=\"\" class=\"wp-image-2779\" width=\"581\" height=\"313\"\/><\/figure>\n\n\n\n<p>Rob\u00f3tica<\/p><\/div><\/div>\n","protected":false},"excerpt":{"rendered":"<p>ISADAM &#8211; Instituto Secundario Argentino Dan\u00e9s \u00abAlta Mira\u00bb DIEGEP N\u00ba 2050 El nivel secundario se organiza en un Ciclo B\u00e1sico, con dos divisiones por a\u00f1o, y un Ciclo Superior que ofrece las orientaciones de Ciencias Naturales y Comunicaci\u00f3n. Las clases se desarrollan en turno ma\u00f1ana, mientras que en contraturno se realizan diversos talleres. Los distintos &#8230; <a title=\"Presentaci\u00f3n del Nivel Secundario\" class=\"read-more\" href=\"https:\/\/www.colegioaltamira.com.ar\/sitio\/presentacion-3\/\" aria-label=\"More on Presentaci\u00f3n del Nivel Secundario\">[+]<\/a><\/p>\n","protected":false},"author":1449,"featured_media":0,"parent":0,"menu_order":0,"comment_status":"closed","ping_status":"closed","template":"","meta":[],"acf":[],"_links":{"self":[{"href":"https:\/\/www.colegioaltamira.com.ar\/sitio\/wp-json\/wp\/v2\/pages\/1033"}],"collection":[{"href":"https:\/\/www.colegioaltamira.com.ar\/sitio\/wp-json\/wp\/v2\/pages"}],"about":[{"href":"https:\/\/www.colegioaltamira.com.ar\/sitio\/wp-json\/wp\/v2\/types\/page"}],"author":[{"embeddable":true,"href":"https:\/\/www.colegioaltamira.com.ar\/sitio\/wp-json\/wp\/v2\/users\/1449"}],"replies":[{"embeddable":true,"href":"https:\/\/www.colegioaltamira.com.ar\/sitio\/wp-json\/wp\/v2\/comments?post=1033"}],"version-history":[{"count":35,"href":"https:\/\/www.colegioaltamira.com.ar\/sitio\/wp-json\/wp\/v2\/pages\/1033\/revisions"}],"predecessor-version":[{"id":8034,"href":"https:\/\/www.colegioaltamira.com.ar\/sitio\/wp-json\/wp\/v2\/pages\/1033\/revisions\/8034"}],"wp:attachment":[{"href":"https:\/\/www.colegioaltamira.com.ar\/sitio\/wp-json\/wp\/v2\/media?parent=1033"}],"curies":[{"name":"wp","href":"https:\/\/api.w.org\/{rel}","templated":true}]}}