{"id":2170,"date":"2019-12-12T10:50:02","date_gmt":"2019-12-12T13:50:02","guid":{"rendered":"https:\/\/www.colegioaltamira.com.ar\/sitio\/wp-content\/uploads\/2019\/12\/Naturales.jpg"},"modified":"2023-12-14T15:12:00","modified_gmt":"2023-12-14T18:12:00","slug":"naturales","status":"inherit","type":"attachment","link":"https:\/\/www.colegioaltamira.com.ar\/sitio\/nuestros-egresados\/naturales\/#main","title":{"rendered":"6to Naturales promoci\u00f3n 2019"},"author":1434,"comment_status":"open","ping_status":"closed","template":"","meta":[],"acf":[],"description":{"rendered":"<p class=\"attachment\"><a href='https:\/\/www.colegioaltamira.com.ar\/sitio\/wp-content\/uploads\/2019\/12\/Naturales.jpg'><img width=\"780\" height=\"486\" src=\"https:\/\/www.colegioaltamira.com.ar\/sitio\/wp-content\/uploads\/2019\/12\/Naturales.jpg\" class=\"attachment-medium size-medium\" alt=\"\" decoding=\"async\" loading=\"lazy\" srcset=\"https:\/\/www.colegioaltamira.com.ar\/sitio\/wp-content\/uploads\/2019\/12\/Naturales.jpg 780w, https:\/\/www.colegioaltamira.com.ar\/sitio\/wp-content\/uploads\/2019\/12\/Naturales-768x479.jpg 768w\" sizes=\"(max-width: 780px) 100vw, 780px\" \/><\/a><\/p>\n<p>Ahrndt, Mikael<br \/>\nAlvarez Blanco,Camila Analia<br \/>\nArocena, Juan Ignacio<br \/>\n6to Comunicaci\u00f3n<br \/>\nBecerra, Mar\u00eda Del Rosario<br \/>\nCaraffo, Franco Christensen, Nils I\u00e1n<br \/>\nDe La Vega, Juana<br \/>\nDe La Vega, Lola Dom\u00ednguez, Micaela Aldana<br \/>\nEllehoj, Ingrid<br \/>\nEllehoj,Sol Ail\u00e9n<br \/>\nEricen, Mart\u00edn<br \/>\nFelix Segura, Valentina<br \/>\nJensen Bogado, Lautaro<br \/>\nLarraburu, Pedro<br \/>\nLaursen, Braian<br \/>\nLopez Andueza,Melanie Nicole<br \/>\nMachado, Francisca<br \/>\nMas\u00e1n Ale, Ramiro Jes\u00fas<br \/>\nMenna, Franco<br \/>\nMeriggi, Ana Laura<br \/>\nNielsen, Yanella Mercedes<br \/>\nN\u00f6r, Melany<br \/>\nPeucelle Rubio, Ariela Pilar<br \/>\nPorto, Ayrton<br \/>\nPuga, Valentina<br \/>\nRodr\u00edguez C\u00e1rdenas, Mat\u00edas<br \/>\nRudski, Abril<br \/>\nTabares, Lucas<br \/>\nTapia, Malena<br \/>\nVallejo, Candela<br \/>\nVassolo, Victoria<br \/>\nZugaz\u00faa Sirimarco, Victoria<\/p>\n"},"caption":{"rendered":"<p>Ahrndt, Mikael Alvarez Blanco,Camila Analia Arocena, Juan Ignacio 6to Comunicaci\u00f3n Becerra, Mar\u00eda Del Rosario Caraffo, Franco Christensen, Nils I\u00e1n De La Vega, Juana De La Vega, Lola Dom\u00ednguez, Micaela Aldana Ellehoj, Ingrid Ellehoj,Sol Ail\u00e9n Ericen, Mart\u00edn Felix Segura, Valentina Jensen Bogado, Lautaro Larraburu, Pedro Laursen, Braian Lopez Andueza,Melanie Nicole Machado, Francisca Mas\u00e1n Ale, Ramiro Jes\u00fas &#8230; <a title=\"6to Naturales promoci\u00f3n 2019\" class=\"read-more\" href=\"https:\/\/www.colegioaltamira.com.ar\/sitio\/nuestros-egresados\/naturales\/#main\" aria-label=\"More on 6to Naturales promoci\u00f3n 2019\">[+]<\/a><\/p>\n"},"alt_text":"","media_type":"image","mime_type":"image\/jpeg","media_details":{"width":780,"height":486,"file":"2019\/12\/Naturales.jpg","sizes":{"thumbnail":{"file":"Naturales-500x486.jpg","width":500,"height":486,"mime_type":"image\/jpeg","source_url":"https:\/\/www.colegioaltamira.com.ar\/sitio\/wp-content\/uploads\/2019\/12\/Naturales-500x486.jpg"},"medium_large":{"file":"Naturales-768x479.jpg","width":768,"height":479,"mime_type":"image\/jpeg","source_url":"https:\/\/www.colegioaltamira.com.ar\/sitio\/wp-content\/uploads\/2019\/12\/Naturales-768x479.jpg"},"full":{"file":"Naturales.jpg","width":780,"height":486,"mime_type":"image\/jpeg","source_url":"https:\/\/www.colegioaltamira.com.ar\/sitio\/wp-content\/uploads\/2019\/12\/Naturales.jpg"}},"image_meta":{"aperture":"0","credit":"","camera":"","caption":"","created_timestamp":"1576147474","copyright":"","focal_length":"0","iso":"0","shutter_speed":"0","title":"","orientation":"1","keywords":[]}},"post":1078,"source_url":"https:\/\/www.colegioaltamira.com.ar\/sitio\/wp-content\/uploads\/2019\/12\/Naturales.jpg","_links":{"self":[{"href":"https:\/\/www.colegioaltamira.com.ar\/sitio\/wp-json\/wp\/v2\/media\/2170"}],"collection":[{"href":"https:\/\/www.colegioaltamira.com.ar\/sitio\/wp-json\/wp\/v2\/media"}],"about":[{"href":"https:\/\/www.colegioaltamira.com.ar\/sitio\/wp-json\/wp\/v2\/types\/attachment"}],"author":[{"embeddable":true,"href":"https:\/\/www.colegioaltamira.com.ar\/sitio\/wp-json\/wp\/v2\/users\/1434"}],"replies":[{"embeddable":true,"href":"https:\/\/www.colegioaltamira.com.ar\/sitio\/wp-json\/wp\/v2\/comments?post=2170"}]}}