{"id":1257,"date":"2018-11-28T14:58:37","date_gmt":"2018-11-28T17:58:37","guid":{"rendered":"https:\/\/www.colegioaltamira.com.ar\/sitio\/wp-content\/uploads\/2018\/11\/WhatsApp-Image-2018-11-28-at-14.52.00-1.jpeg"},"modified":"2023-12-15T15:57:50","modified_gmt":"2023-12-15T18:57:50","slug":"whatsapp-image-2018-11-28-at-14-52-00-2","status":"inherit","type":"attachment","link":"https:\/\/www.colegioaltamira.com.ar\/sitio\/nuestros-egresados\/whatsapp-image-2018-11-28-at-14-52-00-2\/#main","title":{"rendered":"6to Comunicaci\u00f3n egresados 2018"},"author":68,"comment_status":"open","ping_status":"closed","template":"","meta":[],"acf":[],"description":{"rendered":"<p class=\"attachment\"><a href='https:\/\/www.colegioaltamira.com.ar\/sitio\/wp-content\/uploads\/2018\/11\/WhatsApp-Image-2018-11-28-at-14.52.00-1.jpeg'><img width=\"640\" height=\"383\" src=\"https:\/\/www.colegioaltamira.com.ar\/sitio\/wp-content\/uploads\/2018\/11\/WhatsApp-Image-2018-11-28-at-14.52.00-1.jpeg\" class=\"attachment-medium size-medium\" alt=\"\" decoding=\"async\" loading=\"lazy\" \/><\/a><\/p>\n<p>Acosta, Magdalena<br \/>\nAmat, Dolores<br \/>\nAmore, Luisina<br \/>\nAndersen Carmody, Lorenzo<br \/>\nAndreasen, Axel<br \/>\nB\u00e9rtole, Abril<br \/>\nBjerg, Martina<br \/>\nBonomo, Bautista<br \/>\nBr\u00fcel, Mat\u00edas<br \/>\nCabodevila Hoffmann, Mar\u00eda Sol<br \/>\nClement Torres, Serena<br \/>\nFern\u00e1ndez Cappi; Juana<br \/>\nGiustiniani, Bautista<br \/>\nGonzalez Artola, Luc\u00eda Raquel<br \/>\nHernandez, Morena<br \/>\nIgoldi Rizzi, Jer\u00f3nimo<br \/>\nIzzo Ram\u00edrez, Juan<br \/>\nKuhn, Matiana<br \/>\nLobo, Sughey Milagros<br \/>\nLosasso, Juan Bautista<br \/>\nMariscal Liprino, D\u00e9bora<br \/>\nMolina, Mateo<br \/>\nPereyra Acosta, Keila Ivone<br \/>\nQuaglia, Carola<br \/>\nRens, Florencia<br \/>\nRepetto, Jimena<br \/>\nRivero, Robertina<br \/>\nSalvador Roc\u00edo<br \/>\nSanchez, Paloma<br \/>\nSanchez, Valent\u00edn<br \/>\nStaltari Gonz\u00e1lez, Bruno Mauro<br \/>\nVernucci, Mar\u00eda Luj\u00e1n<\/p>\n"},"caption":{"rendered":"<p>Acosta, Magdalena Amat, Dolores Amore, Luisina Andersen Carmody, Lorenzo Andreasen, Axel B\u00e9rtole, Abril Bjerg, Martina Bonomo, Bautista Br\u00fcel, Mat\u00edas Cabodevila Hoffmann, Mar\u00eda Sol Clement Torres, Serena Fern\u00e1ndez Cappi; Juana Giustiniani, Bautista Gonzalez Artola, Luc\u00eda Raquel Hernandez, Morena Igoldi Rizzi, Jer\u00f3nimo Izzo Ram\u00edrez, Juan Kuhn, Matiana Lobo, Sughey Milagros Losasso, Juan Bautista Mariscal Liprino, D\u00e9bora Molina, &#8230; <a title=\"6to Comunicaci\u00f3n egresados 2018\" class=\"read-more\" href=\"https:\/\/www.colegioaltamira.com.ar\/sitio\/nuestros-egresados\/whatsapp-image-2018-11-28-at-14-52-00-2\/#main\" aria-label=\"More on 6to Comunicaci\u00f3n egresados 2018\">[+]<\/a><\/p>\n"},"alt_text":"","media_type":"image","mime_type":"image\/jpeg","media_details":{"width":640,"height":383,"file":"2018\/11\/WhatsApp-Image-2018-11-28-at-14.52.00-1.jpeg","sizes":{"thumbnail":{"file":"WhatsApp-Image-2018-11-28-at-14.52.00-1-500x383.jpeg","width":500,"height":383,"mime_type":"image\/jpeg","source_url":"https:\/\/www.colegioaltamira.com.ar\/sitio\/wp-content\/uploads\/2018\/11\/WhatsApp-Image-2018-11-28-at-14.52.00-1-500x383.jpeg"},"full":{"file":"WhatsApp-Image-2018-11-28-at-14.52.00-1.jpeg","width":640,"height":383,"mime_type":"image\/jpeg","source_url":"https:\/\/www.colegioaltamira.com.ar\/sitio\/wp-content\/uploads\/2018\/11\/WhatsApp-Image-2018-11-28-at-14.52.00-1.jpeg"}},"image_meta":{"aperture":"0","credit":"","camera":"","caption":"","created_timestamp":"0","copyright":"","focal_length":"0","iso":"0","shutter_speed":"0","title":"","orientation":"0","keywords":[]}},"post":1078,"source_url":"https:\/\/www.colegioaltamira.com.ar\/sitio\/wp-content\/uploads\/2018\/11\/WhatsApp-Image-2018-11-28-at-14.52.00-1.jpeg","_links":{"self":[{"href":"https:\/\/www.colegioaltamira.com.ar\/sitio\/wp-json\/wp\/v2\/media\/1257"}],"collection":[{"href":"https:\/\/www.colegioaltamira.com.ar\/sitio\/wp-json\/wp\/v2\/media"}],"about":[{"href":"https:\/\/www.colegioaltamira.com.ar\/sitio\/wp-json\/wp\/v2\/types\/attachment"}],"author":[{"embeddable":true,"href":"https:\/\/www.colegioaltamira.com.ar\/sitio\/wp-json\/wp\/v2\/users\/68"}],"replies":[{"embeddable":true,"href":"https:\/\/www.colegioaltamira.com.ar\/sitio\/wp-json\/wp\/v2\/comments?post=1257"}]}}